{"id":8986,"date":"2024-10-21T10:20:30","date_gmt":"2024-10-21T08:20:30","guid":{"rendered":"https:\/\/www.mybox.eu\/?page_id=8986"},"modified":"2024-10-21T11:47:22","modified_gmt":"2024-10-21T09:47:22","slug":"lager-mieten-in-der-nahe","status":"publish","type":"page","link":"https:\/\/www.mybox.eu\/en\/lager-mieten-in-der-nahe\/","title":{"rendered":"Lager mieten in der N\u00e4he"},"content":{"rendered":"<div data-elementor-type=\"wp-page\" data-elementor-id=\"8986\" class=\"elementor elementor-8986\" data-elementor-post-type=\"page\">\n\t\t\t\t<div data-particle_enable=\"false\" data-particle-mobile-disabled=\"false\" class=\"elementor-element elementor-element-5640c11 e-con-full e-flex e-con e-parent\" data-id=\"5640c11\" data-element_type=\"container\" data-settings=\"{&quot;jet_parallax_layout_list&quot;:[]}\">\n\t\t\t\t<div class=\"elementor-element elementor-element-d7636a3 elementor--h-position-center elementor--v-position-middle elementor-arrows-position-inside elementor-pagination-position-inside elementor-widget elementor-widget-slides\" data-id=\"d7636a3\" data-element_type=\"widget\" data-settings=\"{&quot;navigation&quot;:&quot;both&quot;,&quot;autoplay&quot;:&quot;yes&quot;,&quot;pause_on_hover&quot;:&quot;yes&quot;,&quot;pause_on_interaction&quot;:&quot;yes&quot;,&quot;autoplay_speed&quot;:5000,&quot;infinite&quot;:&quot;yes&quot;,&quot;transition&quot;:&quot;slide&quot;,&quot;transition_speed&quot;:500}\" data-widget_type=\"slides.default\">\n\t\t\t\t<div class=\"elementor-widget-container\">\n\t\t\t\t\t\t\t\t\t<div class=\"elementor-swiper\">\n\t\t\t\t\t<div class=\"elementor-slides-wrapper elementor-main-swiper swiper\" role=\"region\" aria-roledescription=\"carousel\" aria-label=\"Slides\" dir=\"ltr\" data-animation=\"fadeInUp\">\n\t\t\t\t<div class=\"swiper-wrapper elementor-slides\">\n\t\t\t\t\t\t\t\t\t\t<div class=\"elementor-repeater-item-dead6f7 swiper-slide\" role=\"group\" aria-roledescription=\"slide\"><div class=\"swiper-slide-bg\" role=\"img\" aria-label=\"An example of self storage is empty cardboard boxes in a garage or warehouse. Generative AI\"><\/div><div class=\"elementor-background-overlay\"><\/div><a class=\"swiper-slide-inner\" href=\"#elementor-action%3Aaction%3Dpopup%3Aopen%26settings%3DeyJpZCI6IjY5MjAiLCJ0b2dnbGUiOmZhbHNlfQ%3D%3D\" id=\"btn-buchung-hero-allgemein\"><div class=\"swiper-slide-contents\"><div class=\"elementor-slide-heading\">Platzprobleme?<\/div><div class=\"elementor-slide-description\">Jetzt Lagerraum mieten in der N\u00e4he<\/div><\/div><\/a><\/div>\t\t\t\t<\/div>\n\t\t\t\t\t\t\t<\/div>\n\t\t\t\t<\/div>\n\t\t\t\t\t\t\t\t<\/div>\n\t\t\t\t<\/div>\n\t\t\t\t<\/div>\n\t\t<div data-particle_enable=\"false\" data-particle-mobile-disabled=\"false\" class=\"elementor-element elementor-element-2ee6ccc e-con-full e-flex e-con e-parent\" data-id=\"2ee6ccc\" data-element_type=\"container\" data-settings=\"{&quot;jet_parallax_layout_list&quot;:[]}\">\n\t\t\t\t<div class=\"elementor-element elementor-element-88b0a5b elementor-widget elementor-widget-template\" data-id=\"88b0a5b\" data-element_type=\"widget\" data-widget_type=\"template.default\">\n\t\t\t\t<div class=\"elementor-widget-container\">\n\t\t\t\t\t\t\t<div class=\"elementor-template\">\n\t\t\t\t\t<div data-elementor-type=\"section\" data-elementor-id=\"670\" class=\"elementor elementor-670\" data-elementor-post-type=\"elementor_library\">\n\t\t\t<div data-particle_enable=\"false\" data-particle-mobile-disabled=\"false\" class=\"elementor-element elementor-element-5789d67 e-flex e-con-boxed e-con e-parent\" data-id=\"5789d67\" data-element_type=\"container\" data-settings=\"{&quot;background_background&quot;:&quot;classic&quot;,&quot;jet_parallax_layout_list&quot;:[]}\">\n\t\t\t\t\t<div class=\"e-con-inner\">\n\t\t<div data-particle_enable=\"false\" data-particle-mobile-disabled=\"false\" class=\"elementor-element elementor-element-76b7587 e-con-full e-flex e-con e-child\" data-id=\"76b7587\" data-element_type=\"container\" data-settings=\"{&quot;jet_parallax_layout_list&quot;:[]}\">\n\t\t\t\t<div class=\"elementor-element elementor-element-aaf10d1 elementor-testimonial--align-right elementor-testimonial--mobile-align-center elementor-testimonial--skin-default elementor-testimonial--layout-image_inline elementor-widget elementor-widget-testimonial-carousel\" data-id=\"aaf10d1\" data-element_type=\"widget\" data-settings=\"{&quot;space_between&quot;:{&quot;unit&quot;:&quot;px&quot;,&quot;size&quot;:0,&quot;sizes&quot;:[]},&quot;speed&quot;:500,&quot;autoplay&quot;:&quot;yes&quot;,&quot;autoplay_speed&quot;:5000,&quot;loop&quot;:&quot;yes&quot;,&quot;pause_on_interaction&quot;:&quot;yes&quot;,&quot;space_between_tablet&quot;:{&quot;unit&quot;:&quot;px&quot;,&quot;size&quot;:10,&quot;sizes&quot;:[]},&quot;space_between_mobile&quot;:{&quot;unit&quot;:&quot;px&quot;,&quot;size&quot;:10,&quot;sizes&quot;:[]}}\" data-widget_type=\"testimonial-carousel.default\">\n\t\t\t\t<div class=\"elementor-widget-container\">\n\t\t\t\t\t\t\t\t\t<div class=\"elementor-swiper\">\n\t\t\t\t\t<div class=\"elementor-main-swiper swiper\" role=\"region\" aria-roledescription=\"carousel\" aria-label=\"Slider\">\n\t\t\t\t<div class=\"swiper-wrapper\">\n\t\t\t\t\t\t\t\t\t\t\t<div class=\"swiper-slide\" role=\"group\" aria-roledescription=\"slide\">\n\t\t\t\t\t\t\t\t\t<div class=\"elementor-testimonial\">\n\t\t\t\t\t\t\t<div class=\"elementor-testimonial__content\">\n\t\t\t\t\t<div class=\"elementor-testimonial__text\">\n\t\t\t\t\t\tSofort mieten. Sofort einziehen\t\t\t\t\t<\/div>\n\t\t\t\t\t\t\t\t\t<\/div>\n\t\t\t\t\t\t<div class=\"elementor-testimonial__footer\">\n\t\t\t\t\t\t\t\t\t\t\t<\/div>\n\t\t<\/div>\n\t\t\t\t\t\t\t\t<\/div>\n\t\t\t\t\t\t\t\t\t\t\t<div class=\"swiper-slide\" role=\"group\" aria-roledescription=\"slide\">\n\t\t\t\t\t\t\t\t\t<div class=\"elementor-testimonial\">\n\t\t\t\t\t\t\t<div class=\"elementor-testimonial__content\">\n\t\t\t\t\t<div class=\"elementor-testimonial__text\">\n\t\t\t\t\t\tMit einem Klick zum Lagerraum.\t\t\t\t\t<\/div>\n\t\t\t\t\t\t\t\t\t<\/div>\n\t\t\t\t\t\t<div class=\"elementor-testimonial__footer\">\n\t\t\t\t\t\t\t\t\t\t\t<\/div>\n\t\t<\/div>\n\t\t\t\t\t\t\t\t<\/div>\n\t\t\t\t\t\t\t\t\t\t\t<div class=\"swiper-slide\" role=\"group\" aria-roledescription=\"slide\">\n\t\t\t\t\t\t\t\t\t<div class=\"elementor-testimonial\">\n\t\t\t\t\t\t\t<div class=\"elementor-testimonial__content\">\n\t\t\t\t\t<div class=\"elementor-testimonial__text\">\n\t\t\t\t\t\tDein Raum ist sofort verf\u00fcgbar \u2013 wann immer du ihn brauchst!\t\t\t\t\t<\/div>\n\t\t\t\t\t\t\t\t\t<\/div>\n\t\t\t\t\t\t<div class=\"elementor-testimonial__footer\">\n\t\t\t\t\t\t\t\t\t\t\t<\/div>\n\t\t<\/div>\n\t\t\t\t\t\t\t\t<\/div>\n\t\t\t\t\t\t\t\t\t<\/div>\n\t\t\t\t\t\t\t\t\t\t\t\t\t\t\t\t\t\t\t\t\t<\/div>\n\t\t\t\t<\/div>\n\t\t\t\t\t\t\t\t<\/div>\n\t\t\t\t<\/div>\n\t\t\t\t<\/div>\n\t\t<div data-particle_enable=\"false\" data-particle-mobile-disabled=\"false\" class=\"elementor-element elementor-element-4231393 e-con-full e-flex e-con e-child\" data-id=\"4231393\" data-element_type=\"container\" data-settings=\"{&quot;jet_parallax_layout_list&quot;:[]}\">\n\t\t\t\t<div class=\"elementor-element elementor-element-c9b6204 elementor-align-left elementor-mobile-align-center elementor-invisible elementor-widget elementor-widget-button\" data-id=\"c9b6204\" data-element_type=\"widget\" data-settings=\"{&quot;_animation&quot;:&quot;bounceIn&quot;}\" data-widget_type=\"button.default\">\n\t\t\t\t<div class=\"elementor-widget-container\">\n\t\t\t\t\t\t\t\t\t<div class=\"elementor-button-wrapper\">\n\t\t\t\t\t<a class=\"elementor-button elementor-button-link elementor-size-sm\" href=\"#elementor-action%3Aaction%3Dpopup%3Aopen%26settings%3DeyJpZCI6IjY5MjAiLCJ0b2dnbGUiOmZhbHNlfQ%3D%3D\">\n\t\t\t\t\t\t<span class=\"elementor-button-content-wrapper\">\n\t\t\t\t\t\t\t\t\t<span class=\"elementor-button-text\">Book now<\/span>\n\t\t\t\t\t<\/span>\n\t\t\t\t\t<\/a>\n\t\t\t\t<\/div>\n\t\t\t\t\t\t\t\t<\/div>\n\t\t\t\t<\/div>\n\t\t\t\t<\/div>\n\t\t\t\t\t<\/div>\n\t\t\t\t<\/div>\n\t\t\t\t<section data-particle_enable=\"false\" data-particle-mobile-disabled=\"false\" class=\"elementor-section elementor-top-section elementor-element elementor-element-7b1e9e6f elementor-section-boxed elementor-section-height-default elementor-section-height-default\" data-id=\"7b1e9e6f\" data-element_type=\"section\" id=\"btop\" data-settings=\"{&quot;jet_parallax_layout_list&quot;:[]}\">\n\t\t\t\t\t\t<div class=\"elementor-container elementor-column-gap-default\">\n\t\t\t\t\t<div class=\"elementor-column elementor-col-100 elementor-top-column elementor-element elementor-element-37ee29e0\" data-id=\"37ee29e0\" data-element_type=\"column\">\n\t\t\t<div class=\"elementor-widget-wrap elementor-element-populated\">\n\t\t\t\t\t\t<div data-dce-text-color=\"#A5A5A5\" class=\"elementor-element elementor-element-4ffdccef elementor-widget elementor-widget-breadcrumbs\" data-id=\"4ffdccef\" data-element_type=\"widget\" data-widget_type=\"breadcrumbs.default\">\n\t\t\t\t<div class=\"elementor-widget-container\">\n\t\t\t\t\t<p id=\"breadcrumbs\"><span><span><a href=\"https:\/\/www.mybox.eu\/en\/\">MyBox Self-Storage<\/a><\/span><\/span><\/p>\t\t\t\t<\/div>\n\t\t\t\t<\/div>\n\t\t\t\t\t<\/div>\n\t\t<\/div>\n\t\t\t\t\t<\/div>\n\t\t<\/section>\n\t\t\t\t<\/div>\n\t\t\t\t<\/div>\n\t\t\t\t\t\t<\/div>\n\t\t\t\t<\/div>\n\t\t\t\t<\/div>\n\t\t<div data-particle_enable=\"false\" data-particle-mobile-disabled=\"false\" class=\"elementor-element elementor-element-87139cc e-flex e-con-boxed e-con e-parent\" data-id=\"87139cc\" data-element_type=\"container\" data-settings=\"{&quot;jet_parallax_layout_list&quot;:[]}\">\n\t\t\t\t\t<div class=\"e-con-inner\">\n\t\t\t\t<div class=\"elementor-element elementor-element-f9c8209 elementor-widget elementor-widget-heading\" data-id=\"f9c8209\" data-element_type=\"widget\" data-widget_type=\"heading.default\">\n\t\t\t\t<div class=\"elementor-widget-container\">\n\t\t\t\t\t<h1 class=\"elementor-heading-title elementor-size-default\">Lager mieten in der N\u00e4he<\/h1>\t\t\t\t<\/div>\n\t\t\t\t<\/div>\n\t\t\t\t<div class=\"elementor-element elementor-element-b747a57 elementor-widget elementor-widget-heading\" data-id=\"b747a57\" data-element_type=\"widget\" data-widget_type=\"heading.default\">\n\t\t\t\t<div class=\"elementor-widget-container\">\n\t\t\t\t\t<h2 class=\"elementor-heading-title elementor-size-default\">Flexible und sichere Lagerr\u00e4ume in der bei MyBox Selfstorage<\/h2>\t\t\t\t<\/div>\n\t\t\t\t<\/div>\n\t\t<div data-particle_enable=\"false\" data-particle-mobile-disabled=\"false\" class=\"elementor-element elementor-element-601c665 e-con-full e-flex e-con e-child\" data-id=\"601c665\" data-element_type=\"container\" data-settings=\"{&quot;jet_parallax_layout_list&quot;:[]}\">\n\t\t\t\t<div class=\"elementor-element elementor-element-09eadaa elementor-widget elementor-widget-text-editor\" data-id=\"09eadaa\" data-element_type=\"widget\" data-widget_type=\"text-editor.default\">\n\t\t\t\t<div class=\"elementor-widget-container\">\n\t\t\t\t\t\t\t\t\t<p>Suchst du nach zus\u00e4tzlichem Platz, um deine M\u00f6bel, Akten oder saisonalen Gegenst\u00e4nde sicher und flexibel zu lagern? Bei MyBox findest du genau das Lager in der N\u00e4he, das du brauchst. Unsere modernen Lagerr\u00e4ume in deiner N\u00e4he bieten dir die perfekte L\u00f6sung, wenn der Platz zuhause knapp wird oder du eine unkomplizierte M\u00f6glichkeit suchst, Dinge sicher unterzubringen.<\/p>\t\t\t\t\t\t\t\t<\/div>\n\t\t\t\t<\/div>\n\t\t\t\t<\/div>\n\t\t\t\t\t<\/div>\n\t\t\t\t<\/div>\n\t\t<div data-particle_enable=\"false\" data-particle-mobile-disabled=\"false\" data-dce-background-color=\"#BBD9EC\" class=\"elementor-element elementor-element-f6db0ca e-flex e-con-boxed e-con e-parent\" data-id=\"f6db0ca\" data-element_type=\"container\" data-settings=\"{&quot;background_background&quot;:&quot;gradient&quot;,&quot;shape_divider_top&quot;:&quot;tilt&quot;,&quot;jet_parallax_layout_list&quot;:[],&quot;shape_divider_bottom&quot;:&quot;tilt&quot;}\">\n\t\t\t\t\t<div class=\"e-con-inner\">\n\t\t\t\t<div class=\"elementor-shape elementor-shape-top\" aria-hidden=\"true\" data-negative=\"false\">\n\t\t\t<svg xmlns=\"http:\/\/www.w3.org\/2000\/svg\" viewbox=\"0 0 1000 100\" preserveaspectratio=\"none\">\n\t<path class=\"elementor-shape-fill\" d=\"M0,6V0h1000v100L0,6z\"\/>\n<\/svg>\t\t<\/div>\n\t\t\t\t<div class=\"elementor-shape elementor-shape-bottom\" aria-hidden=\"true\" data-negative=\"false\">\n\t\t\t<svg xmlns=\"http:\/\/www.w3.org\/2000\/svg\" viewbox=\"0 0 1000 100\" preserveaspectratio=\"none\">\n\t<path class=\"elementor-shape-fill\" d=\"M0,6V0h1000v100L0,6z\"\/>\n<\/svg>\t\t<\/div>\n\t\t<div data-particle_enable=\"false\" data-particle-mobile-disabled=\"false\" class=\"elementor-element elementor-element-9f9d73a e-con-full e-flex e-con e-child\" data-id=\"9f9d73a\" data-element_type=\"container\" data-settings=\"{&quot;jet_parallax_layout_list&quot;:[]}\">\n\t\t\t\t<div class=\"elementor-element elementor-element-369e32b elementor-widget elementor-widget-heading\" data-id=\"369e32b\" data-element_type=\"widget\" data-widget_type=\"heading.default\">\n\t\t\t\t<div class=\"elementor-widget-container\">\n\t\t\t\t\t<h2 class=\"elementor-heading-title elementor-size-default\">Lagerraum mieten in der N\u00e4he \u2013 So einfach geht\u2019s<\/h2>\t\t\t\t<\/div>\n\t\t\t\t<\/div>\n\t\t\t\t<div class=\"elementor-element elementor-element-e756cc9 elementor-widget elementor-widget-text-editor\" data-id=\"e756cc9\" data-element_type=\"widget\" data-widget_type=\"text-editor.default\">\n\t\t\t\t<div class=\"elementor-widget-container\">\n\t\t\t\t\t\t\t\t\t<p>Bei MyBox ist das Mieten eines Lagers kinderleicht. Du suchst dir einfach den passenden Lagerraum in deiner N\u00e4he aus und schon kannst du loslegen. Egal, ob du kurzfristig Platz brauchst oder eine langfristige L\u00f6sung suchst \u2013 wir bieten dir flexible Vertragslaufzeiten und faire Preise. Entdecke jetzt, wie einfach es ist, zus\u00e4tzlichen Stauraum zu schaffen.<\/p>\t\t\t\t\t\t\t\t<\/div>\n\t\t\t\t<\/div>\n\t\t\t\t<\/div>\n\t\t<div data-particle_enable=\"false\" data-particle-mobile-disabled=\"false\" class=\"elementor-element elementor-element-aca3d0f e-con-full e-flex e-con e-child\" data-id=\"aca3d0f\" data-element_type=\"container\" data-settings=\"{&quot;jet_parallax_layout_list&quot;:[]}\">\n\t\t\t\t<div class=\"elementor-element elementor-element-84af260 elementor-widget elementor-widget-template\" data-id=\"84af260\" data-element_type=\"widget\" data-widget_type=\"template.default\">\n\t\t\t\t<div class=\"elementor-widget-container\">\n\t\t\t\t\t\t\t<div class=\"elementor-template\">\n\t\t\t\t\t<div data-elementor-type=\"section\" data-elementor-id=\"1123\" class=\"elementor elementor-1123\" data-elementor-post-type=\"elementor_library\">\n\t\t\t\t\t<section data-particle_enable=\"false\" data-particle-mobile-disabled=\"false\" class=\"elementor-section elementor-top-section elementor-element elementor-element-2407c22c elementor-section-boxed elementor-section-height-default elementor-section-height-default\" data-id=\"2407c22c\" data-element_type=\"section\" data-settings=\"{&quot;jet_parallax_layout_list&quot;:[]}\">\n\t\t\t\t\t\t<div class=\"elementor-container elementor-column-gap-default\">\n\t\t\t\t\t<div class=\"elementor-column elementor-col-33 elementor-top-column elementor-element elementor-element-3ac2b430\" data-id=\"3ac2b430\" data-element_type=\"column\">\n\t\t\t<div class=\"elementor-widget-wrap elementor-element-populated\">\n\t\t\t\t\t\t<div class=\"elementor-element elementor-element-5f9cd127 elementor-cta--layout-image-above elementor-cta--skin-classic elementor-animated-content elementor-bg-transform elementor-bg-transform-zoom-in elementor-widget elementor-widget-call-to-action\" data-id=\"5f9cd127\" data-element_type=\"widget\" data-widget_type=\"call-to-action.default\">\n\t\t\t\t<div class=\"elementor-widget-container\">\n\t\t\t\t\t\t\t<a class=\"elementor-cta\" href=\"https:\/\/www.mybox.eu\/en\/storage-room-rental-bochum\/\">\n\t\t\t\t\t<div class=\"elementor-cta__bg-wrapper\">\n\t\t\t\t<div class=\"elementor-cta__bg elementor-bg\" style=\"background-image: url(https:\/\/www.mybox.eu\/wp-content\/uploads\/mybox-selftstorage-bochum.jpeg);\" role=\"img\" aria-label=\"mybox-selftstorage-bochum\"><\/div>\n\t\t\t\t<div class=\"elementor-cta__bg-overlay\"><\/div>\n\t\t\t<\/div>\n\t\t\t\t\t\t\t<div class=\"elementor-cta__content\">\n\t\t\t\t\n\t\t\t\t\t\t\t\t\t<h3 class=\"elementor-cta__title elementor-cta__content-item elementor-content-item\">\n\t\t\t\t\t\tBochum\t\t\t\t\t<\/h3>\n\t\t\t\t\n\t\t\t\t\t\t\t\t\t<div class=\"elementor-cta__description elementor-cta__content-item elementor-content-item\">\n\t\t\t\t\t\tHarpener Feld 34, 44805 Bochum\t\t\t\t\t<\/div>\n\t\t\t\t\n\t\t\t\t\t\t\t<\/div>\n\t\t\t\t\t\t<\/a>\n\t\t\t\t\t\t<\/div>\n\t\t\t\t<\/div>\n\t\t\t\t\t<\/div>\n\t\t<\/div>\n\t\t\t\t<div class=\"elementor-column elementor-col-33 elementor-top-column elementor-element elementor-element-38b7e306\" data-id=\"38b7e306\" data-element_type=\"column\">\n\t\t\t<div class=\"elementor-widget-wrap elementor-element-populated\">\n\t\t\t\t\t\t<div class=\"elementor-element elementor-element-5d205134 elementor-cta--skin-classic elementor-animated-content elementor-bg-transform elementor-bg-transform-zoom-in elementor-widget elementor-widget-call-to-action\" data-id=\"5d205134\" data-element_type=\"widget\" data-widget_type=\"call-to-action.default\">\n\t\t\t\t<div class=\"elementor-widget-container\">\n\t\t\t\t\t\t\t<a class=\"elementor-cta\" href=\"https:\/\/www.mybox.eu\/en\/rent-storage-space-muenster\/\">\n\t\t\t\t\t<div class=\"elementor-cta__bg-wrapper\">\n\t\t\t\t<div class=\"elementor-cta__bg elementor-bg\" style=\"background-image: url(https:\/\/www.mybox.eu\/wp-content\/uploads\/mybox-selftstorage-muenster.jpeg);\" role=\"img\" aria-label=\"mybox-selfstorage-muenster\"><\/div>\n\t\t\t\t<div class=\"elementor-cta__bg-overlay\"><\/div>\n\t\t\t<\/div>\n\t\t\t\t\t\t\t<div class=\"elementor-cta__content\">\n\t\t\t\t\n\t\t\t\t\t\t\t\t\t<h3 class=\"elementor-cta__title elementor-cta__content-item elementor-content-item\">\n\t\t\t\t\t\tMuenster\t\t\t\t\t<\/h3>\n\t\t\t\t\n\t\t\t\t\t\t\t\t\t<div class=\"elementor-cta__description elementor-cta__content-item elementor-content-item\">\n\t\t\t\t\t\tHarkortstra\u00dfe 6, 48163 M\u00fcnster\t\t\t\t\t<\/div>\n\t\t\t\t\n\t\t\t\t\t\t\t<\/div>\n\t\t\t\t\t\t<\/a>\n\t\t\t\t\t\t<\/div>\n\t\t\t\t<\/div>\n\t\t\t\t\t<\/div>\n\t\t<\/div>\n\t\t\t\t<div class=\"elementor-column elementor-col-33 elementor-top-column elementor-element elementor-element-9a4d8ce\" data-id=\"9a4d8ce\" data-element_type=\"column\">\n\t\t\t<div class=\"elementor-widget-wrap elementor-element-populated\">\n\t\t\t\t\t\t<div class=\"elementor-element elementor-element-d823c39 elementor-cta--skin-classic elementor-animated-content elementor-bg-transform elementor-bg-transform-zoom-in elementor-widget elementor-widget-call-to-action\" data-id=\"d823c39\" data-element_type=\"widget\" data-widget_type=\"call-to-action.default\">\n\t\t\t\t<div class=\"elementor-widget-container\">\n\t\t\t\t\t\t\t<a class=\"elementor-cta\" href=\"https:\/\/www.mybox.eu\/en\/storage-room-rental-bielefeld\/\">\n\t\t\t\t\t<div class=\"elementor-cta__bg-wrapper\">\n\t\t\t\t<div class=\"elementor-cta__bg elementor-bg\" style=\"background-image: url(https:\/\/www.mybox.eu\/wp-content\/uploads\/IMG_5845-1024x888.jpg);\" role=\"img\" aria-label=\"Rent storage space Bielefeld\"><\/div>\n\t\t\t\t<div class=\"elementor-cta__bg-overlay\"><\/div>\n\t\t\t<\/div>\n\t\t\t\t\t\t\t<div class=\"elementor-cta__content\">\n\t\t\t\t\n\t\t\t\t\t\t\t\t\t<h3 class=\"elementor-cta__title elementor-cta__content-item elementor-content-item\">\n\t\t\t\t\t\tBielefeld\t\t\t\t\t<\/h3>\n\t\t\t\t\n\t\t\t\t\t\t\t\t\t<div class=\"elementor-cta__description elementor-cta__content-item elementor-content-item\">\n\t\t\t\t\t\tHerforder Strasse 297, 33609 Bielefeld\t\t\t\t\t<\/div>\n\t\t\t\t\n\t\t\t\t\t\t\t<\/div>\n\t\t\t\t\t\t<\/a>\n\t\t\t\t\t\t<\/div>\n\t\t\t\t<\/div>\n\t\t\t\t\t<\/div>\n\t\t<\/div>\n\t\t\t\t\t<\/div>\n\t\t<\/section>\n\t\t\t\t<\/div>\n\t\t\t\t<\/div>\n\t\t\t\t\t\t<\/div>\n\t\t\t\t<\/div>\n\t\t\t\t<\/div>\n\t\t\t\t\t<\/div>\n\t\t\t\t<\/div>\n\t\t<div data-particle_enable=\"false\" data-particle-mobile-disabled=\"false\" class=\"elementor-element elementor-element-ecf2c3d e-flex e-con-boxed e-con e-parent\" data-id=\"ecf2c3d\" data-element_type=\"container\" data-settings=\"{&quot;jet_parallax_layout_list&quot;:[]}\">\n\t\t\t\t\t<div class=\"e-con-inner\">\n\t\t\t\t<div class=\"elementor-element elementor-element-85d0f8d elementor-widget elementor-widget-heading\" data-id=\"85d0f8d\" data-element_type=\"widget\" data-widget_type=\"heading.default\">\n\t\t\t\t<div class=\"elementor-widget-container\">\n\t\t\t\t\t<h2 class=\"elementor-heading-title elementor-size-default\">Die Vorteile von MyBox Selfstorage<\/h2>\t\t\t\t<\/div>\n\t\t\t\t<\/div>\n\t\t\t\t<div class=\"elementor-element elementor-element-d2069f0 elementor-icon-list--layout-traditional elementor-list-item-link-full_width elementor-widget elementor-widget-icon-list\" data-id=\"d2069f0\" data-element_type=\"widget\" data-widget_type=\"icon-list.default\">\n\t\t\t\t<div class=\"elementor-widget-container\">\n\t\t\t\t\t\t\t<ul class=\"elementor-icon-list-items\">\n\t\t\t\t\t\t\t<li class=\"elementor-icon-list-item\">\n\t\t\t\t\t\t\t\t\t\t\t<span class=\"elementor-icon-list-icon\">\n\t\t\t\t\t\t\t<i aria-hidden=\"true\" class=\"fas fa-hand-point-right\"><\/i>\t\t\t\t\t\t<\/span>\n\t\t\t\t\t\t\t\t\t\t<span class=\"elementor-icon-list-text\"><b>Trocken und sauber:<\/b> Unsere Lagerr\u00e4ume sind klimatisiert und gut bel\u00fcftet, was besonders wichtig ist, wenn du empfindliche Gegenst\u00e4nde wie M\u00f6bel, Kleidung oder Elektronik einlagern m\u00f6chtest. So bleiben deine Sachen in einem einwandfreien Zustand.<\/span>\n\t\t\t\t\t\t\t\t\t<\/li>\n\t\t\t\t\t\t\t\t<li class=\"elementor-icon-list-item\">\n\t\t\t\t\t\t\t\t\t\t\t<span class=\"elementor-icon-list-icon\">\n\t\t\t\t\t\t\t<i aria-hidden=\"true\" class=\"fas fa-video\"><\/i>\t\t\t\t\t\t<\/span>\n\t\t\t\t\t\t\t\t\t\t<span class=\"elementor-icon-list-text\"><b>Moderne Sicherheit:<\/b> Deine eingelagerten Sachen sind bei uns durch modernste Sicherheitsma\u00dfnahmen gesch\u00fctzt. Unsere Lagerr\u00e4ume verf\u00fcgen \u00fcber Video\u00fcberwachung, Zugangskontrollen und Alarmsysteme. So kannst du sicher sein, dass deine wertvollen Gegenst\u00e4nde gut aufgehoben sind.<\/span>\n\t\t\t\t\t\t\t\t\t<\/li>\n\t\t\t\t\t\t\t\t<li class=\"elementor-icon-list-item\">\n\t\t\t\t\t\t\t\t\t\t\t<span class=\"elementor-icon-list-icon\">\n\t\t\t\t\t\t\t<i aria-hidden=\"true\" class=\"fas fa-clock\"><\/i>\t\t\t\t\t\t<\/span>\n\t\t\t\t\t\t\t\t\t\t<span class=\"elementor-icon-list-text\"><b>Rund um die Uhr Zugang:<\/b> Flexibilit\u00e4t ist uns wichtig. Bei MyBox Selfstorage hast du jederzeit Zugriff auf deine Lagerbox \u2013 24 Stunden am Tag, 7 Tage die Woche. Keine umst\u00e4ndlichen Kellerzug\u00e4nge oder eingeschr\u00e4nkte \u00d6ffnungszeiten.<\/span>\n\t\t\t\t\t\t\t\t\t<\/li>\n\t\t\t\t\t\t\t\t<li class=\"elementor-icon-list-item\">\n\t\t\t\t\t\t\t\t\t\t\t<span class=\"elementor-icon-list-icon\">\n\t\t\t\t\t\t\t<i aria-hidden=\"true\" class=\"fas fa-clipboard-check\"><\/i>\t\t\t\t\t\t<\/span>\n\t\t\t\t\t\t\t\t\t\t<span class=\"elementor-icon-list-text\"><b>Flexible Lagergr\u00f6\u00dfen:<\/b> Ob du nur ein paar Kartons unterbringen oder M\u00f6bel f\u00fcr einen l\u00e4ngeren Zeitraum lagern m\u00f6chtest \u2013 bei MyBox Selfstorage findest du genau die Lagergr\u00f6\u00dfe, die du brauchst. Du kannst die Gr\u00f6\u00dfe deines Lagers jederzeit anpassen, um flexibel auf deine Bed\u00fcrfnisse zu reagieren.<\/span>\n\t\t\t\t\t\t\t\t\t<\/li>\n\t\t\t\t\t\t<\/ul>\n\t\t\t\t\t\t<\/div>\n\t\t\t\t<\/div>\n\t\t\t\t\t<\/div>\n\t\t\t\t<\/div>\n\t\t<div data-particle_enable=\"false\" data-particle-mobile-disabled=\"false\" class=\"elementor-element elementor-element-e5c01b0 e-flex e-con-boxed e-con e-parent\" data-id=\"e5c01b0\" data-element_type=\"container\" data-settings=\"{&quot;jet_parallax_layout_list&quot;:[]}\">\n\t\t\t\t\t<div class=\"e-con-inner\">\n\t\t<div data-particle_enable=\"false\" data-particle-mobile-disabled=\"false\" class=\"elementor-element elementor-element-fac6988 e-con-full e-flex e-con e-child\" data-id=\"fac6988\" data-element_type=\"container\" data-settings=\"{&quot;jet_parallax_layout_list&quot;:[]}\">\n\t\t\t\t<div class=\"elementor-element elementor-element-3549e29 elementor-widget elementor-widget-heading\" data-id=\"3549e29\" data-element_type=\"widget\" data-widget_type=\"heading.default\">\n\t\t\t\t<div class=\"elementor-widget-container\">\n\t\t\t\t\t<h2 class=\"elementor-heading-title elementor-size-default\">Ein Lager in der N\u00e4he ist die L\u00f6sung<\/h2>\t\t\t\t<\/div>\n\t\t\t\t<\/div>\n\t\t\t\t<div class=\"elementor-element elementor-element-dd33d9f elementor-widget elementor-widget-text-editor\" data-id=\"dd33d9f\" data-element_type=\"widget\" data-widget_type=\"text-editor.default\">\n\t\t\t\t<div class=\"elementor-widget-container\">\n\t\t\t\t\t\t\t\t\t<p>Ein Lagerraum in der N\u00e4he ist die perfekte L\u00f6sung f\u00fcr alle, die zus\u00e4tzlichen Stauraum brauchen, ohne weit fahren zu m\u00fcssen. Bei MyBox Selfstorage findest du die passenden Lagerfl\u00e4chen. Nutze einfach unseren <a href=\"https:\/\/www.mybox.eu\/en\/storage-space-calculator\/\">Lagerraum-Rechner<\/a> und erfahre, welche Lagerbox Gr\u00f6\u00dfe f\u00fcr dich am besten geeignet ist.\u00a0<\/p>\t\t\t\t\t\t\t\t<\/div>\n\t\t\t\t<\/div>\n\t\t\t\t<\/div>\n\t\t<div data-particle_enable=\"false\" data-particle-mobile-disabled=\"false\" class=\"elementor-element elementor-element-89738f1 e-con-full e-flex e-con e-child\" data-id=\"89738f1\" data-element_type=\"container\" data-settings=\"{&quot;jet_parallax_layout_list&quot;:[]}\">\n\t\t\t\t<div class=\"elementor-element elementor-element-12ff8f6 elementor-widget elementor-widget-jet-timeline\" data-id=\"12ff8f6\" data-element_type=\"widget\" data-widget_type=\"jet-timeline.default\">\n\t\t\t\t<div class=\"elementor-widget-container\">\n\t\t\t\t\t<div class=\"elementor-jet-timeline jet-elements\"><div class=\"jet-timeline jet-timeline--align-center jet-timeline--align-middle\">\n\t<div class=\"jet-timeline__line\"><div class=\"jet-timeline__line-progress\"><\/div><\/div>\n\t<div class=\"jet-timeline-list\"><div class=\"jet-timeline-item  elementor-repeater-item-d16d6a1 jet-timeline-item--image-inside\">\n\t<div class=\"timeline-item__card\">\n\t\t<div class=\"timeline-item__card-inner\">\n\t\t\t\t\t\t\t\t<div class=\"timeline-item__card-content\">\n\t\t\t\t\t<div class=\"timeline-item__meta\"><div class=\"timeline-item__meta-content\">Privatpersonen<\/div><\/div><div class=\"timeline-item__card-desc\">Du brauchst Platz f\u00fcr M\u00f6bel, Umzugskartons oder saisonale Dekoration? Unser Lager bietet dir den n\u00f6tigen Stauraum, um dein Zuhause zu entlasten.<\/div>\t\t\t\t<\/div>\n\t\t\t\t\t\t<\/div>\n\t\t<div class=\"timeline-item__card-arrow\"><\/div>\n\t<\/div>\n\t<div class=\"timeline-item__point\"><div class=\"timeline-item__point-content timeline-item__point-content--icon\"><span class=\"jet-elements-icon\"><i aria-hidden=\"true\" class=\"fas fa-couch\"><\/i><\/span><\/div><\/div><div class=\"timeline-item__meta\"><div class=\"timeline-item__meta-content\">Privatpersonen<\/div><\/div><\/div><div class=\"jet-timeline-item  elementor-repeater-item-f7276c6 jet-timeline-item--image-inside\">\n\t<div class=\"timeline-item__card\">\n\t\t<div class=\"timeline-item__card-inner\">\n\t\t\t\t\t\t\t\t<div class=\"timeline-item__card-content\">\n\t\t\t\t\t<div class=\"timeline-item__meta\"><div class=\"timeline-item__meta-content\">Pursue<\/div><\/div><div class=\"timeline-item__card-desc\">Akten, B\u00fcroausstattung oder Warenbest\u00e4nde \u2013 unser Lagerraum bietet dir die ideale L\u00f6sung, um Gesch\u00e4ftsdokumente oder Produkte sicher und flexibel auszulagern.<\/div>\t\t\t\t<\/div>\n\t\t\t\t\t\t<\/div>\n\t\t<div class=\"timeline-item__card-arrow\"><\/div>\n\t<\/div>\n\t<div class=\"timeline-item__point\"><div class=\"timeline-item__point-content timeline-item__point-content--icon\"><span class=\"jet-elements-icon\"><i aria-hidden=\"true\" class=\"fas fa-boxes\"><\/i><\/span><\/div><\/div><div class=\"timeline-item__meta\"><div class=\"timeline-item__meta-content\">Pursue<\/div><\/div><\/div><div class=\"jet-timeline-item  elementor-repeater-item-db5aabf jet-timeline-item--image-inside\">\n\t<div class=\"timeline-item__card\">\n\t\t<div class=\"timeline-item__card-inner\">\n\t\t\t\t\t\t\t\t<div class=\"timeline-item__card-content\">\n\t\t\t\t\t<div class=\"timeline-item__meta\"><div class=\"timeline-item__meta-content\">Sainsonale Gegenst\u00e4nde<\/div><\/div><div class=\"timeline-item__card-desc\">Platz f\u00fcr alles, was du nicht das ganze Jahr \u00fcber brauchst.<\/div>\t\t\t\t<\/div>\n\t\t\t\t\t\t<\/div>\n\t\t<div class=\"timeline-item__card-arrow\"><\/div>\n\t<\/div>\n\t<div class=\"timeline-item__point\"><div class=\"timeline-item__point-content timeline-item__point-content--icon\"><span class=\"jet-elements-icon\"><i aria-hidden=\"true\" class=\"fas fa-biking\"><\/i><\/span><\/div><\/div><div class=\"timeline-item__meta\"><div class=\"timeline-item__meta-content\">Sainsonale Gegenst\u00e4nde<\/div><\/div><\/div><\/div><\/div><\/div>\t\t\t\t<\/div>\n\t\t\t\t<\/div>\n\t\t\t\t<\/div>\n\t\t\t\t\t<\/div>\n\t\t\t\t<\/div>\n\t\t\t\t<\/div>","protected":false},"excerpt":{"rendered":"<p>Platzprobleme?Jetzt Lagerraum mieten in der N\u00e4he Lager mieten in der N\u00e4he Flexible und sichere Lagerr\u00e4ume in der bei MyBox Selfstorage Suchst du nach zus\u00e4tzlichem Platz, um deine M\u00f6bel, Akten oder saisonalen Gegenst\u00e4nde sicher und flexibel zu lagern? Bei MyBox findest du genau das Lager in der N\u00e4he, das du brauchst. Unsere modernen Lagerr\u00e4ume in deiner [&hellip;]<\/p>","protected":false},"author":1,"featured_media":0,"parent":0,"menu_order":0,"comment_status":"closed","ping_status":"closed","template":"","meta":{"footnotes":""},"class_list":["post-8986","page","type-page","status-publish","hentry"],"yoast_head":"<!-- This site is optimized with the Yoast SEO plugin v26.6 - https:\/\/yoast.com\/wordpress\/plugins\/seo\/ -->\n<title>Lagerr\u00e4ume \/ Lager mieten in der N\u00e4he \u2764\ufe0f Special Deals<\/title>\n<meta name=\"description\" content=\"Lagerr\u00e4ume \/ Lager mieten in der N\u00e4he - Jetzt online buchen\u261d 24 Stunden \/ 365 Tagen Zugang \u2705 Alarmgesichert\" \/>\n<meta name=\"robots\" content=\"index, follow, max-snippet:-1, max-image-preview:large, max-video-preview:-1\" \/>\n<link rel=\"canonical\" href=\"https:\/\/www.mybox.eu\/en\/lager-mieten-in-der-nahe\/\" \/>\n<meta property=\"og:locale\" content=\"en_US\" \/>\n<meta property=\"og:type\" content=\"article\" \/>\n<meta property=\"og:title\" content=\"Lagerr\u00e4ume \/ Lager mieten in der N\u00e4he \u2764\ufe0f Special Deals\" \/>\n<meta property=\"og:description\" content=\"Lagerr\u00e4ume \/ Lager mieten in der N\u00e4he - Jetzt online buchen\u261d 24 Stunden \/ 365 Tagen Zugang \u2705 Alarmgesichert\" \/>\n<meta property=\"og:url\" content=\"https:\/\/www.mybox.eu\/en\/lager-mieten-in-der-nahe\/\" \/>\n<meta property=\"og:site_name\" content=\"MyBox\" \/>\n<meta property=\"article:modified_time\" content=\"2024-10-21T09:47:22+00:00\" \/>\n<meta name=\"twitter:card\" content=\"summary_large_image\" \/>\n<script type=\"application\/ld+json\" class=\"yoast-schema-graph\">{\"@context\":\"https:\/\/schema.org\",\"@graph\":[{\"@type\":\"WebPage\",\"@id\":\"https:\/\/www.mybox.eu\/lager-mieten-in-der-nahe\/\",\"url\":\"https:\/\/www.mybox.eu\/lager-mieten-in-der-nahe\/\",\"name\":\"Lagerr\u00e4ume \/ Lager mieten in der N\u00e4he \u2764\ufe0f Special Deals\",\"isPartOf\":{\"@id\":\"https:\/\/www.mybox.eu\/#website\"},\"datePublished\":\"2024-10-21T08:20:30+00:00\",\"dateModified\":\"2024-10-21T09:47:22+00:00\",\"description\":\"Lagerr\u00e4ume \/ Lager mieten in der N\u00e4he - Jetzt online buchen\u261d 24 Stunden \/ 365 Tagen Zugang \u2705 Alarmgesichert\",\"breadcrumb\":{\"@id\":\"https:\/\/www.mybox.eu\/lager-mieten-in-der-nahe\/#breadcrumb\"},\"inLanguage\":\"en-US\",\"potentialAction\":[{\"@type\":\"ReadAction\",\"target\":[\"https:\/\/www.mybox.eu\/lager-mieten-in-der-nahe\/\"]}]},{\"@type\":\"BreadcrumbList\",\"@id\":\"https:\/\/www.mybox.eu\/lager-mieten-in-der-nahe\/#breadcrumb\",\"itemListElement\":[{\"@type\":\"ListItem\",\"position\":1,\"name\":\"MyBox Selfstorage\",\"item\":\"https:\/\/www.mybox.eu\/\"},{\"@type\":\"ListItem\",\"position\":2,\"name\":\"Lager mieten in der N\u00e4he\"}]},{\"@type\":\"WebSite\",\"@id\":\"https:\/\/www.mybox.eu\/#website\",\"url\":\"https:\/\/www.mybox.eu\/\",\"name\":\"MyBox Selfstorage\",\"description\":\"Selfstorage\",\"publisher\":{\"@id\":\"https:\/\/www.mybox.eu\/#organization\"},\"potentialAction\":[{\"@type\":\"SearchAction\",\"target\":{\"@type\":\"EntryPoint\",\"urlTemplate\":\"https:\/\/www.mybox.eu\/?s={search_term_string}\"},\"query-input\":{\"@type\":\"PropertyValueSpecification\",\"valueRequired\":true,\"valueName\":\"search_term_string\"}}],\"inLanguage\":\"en-US\"},{\"@type\":\"Organization\",\"@id\":\"https:\/\/www.mybox.eu\/#organization\",\"name\":\"MyBox Selfstorage\",\"url\":\"https:\/\/www.mybox.eu\/\",\"logo\":{\"@type\":\"ImageObject\",\"inLanguage\":\"en-US\",\"@id\":\"https:\/\/www.mybox.eu\/#\/schema\/logo\/image\/\",\"url\":\"https:\/\/www.mybox.eu\/wp-content\/uploads\/mybox-grau.png\",\"contentUrl\":\"https:\/\/www.mybox.eu\/wp-content\/uploads\/mybox-grau.png\",\"width\":1456,\"height\":424,\"caption\":\"MyBox Selfstorage\"},\"image\":{\"@id\":\"https:\/\/www.mybox.eu\/#\/schema\/logo\/image\/\"},\"sameAs\":[\"https:\/\/www.instagram.com\/mybox.eu\/\"]}]}<\/script>\n<!-- \/ Yoast SEO plugin. -->","yoast_head_json":{"title":"Lagerr\u00e4ume \/ Lager mieten in der N\u00e4he \u2764\ufe0f Special Deals","description":"Lagerr\u00e4ume \/ Lager mieten in der N\u00e4he - Jetzt online buchen\u261d 24 Stunden \/ 365 Tagen Zugang \u2705 Alarmgesichert","robots":{"index":"index","follow":"follow","max-snippet":"max-snippet:-1","max-image-preview":"max-image-preview:large","max-video-preview":"max-video-preview:-1"},"canonical":"https:\/\/www.mybox.eu\/en\/lager-mieten-in-der-nahe\/","og_locale":"en_US","og_type":"article","og_title":"Lagerr\u00e4ume \/ Lager mieten in der N\u00e4he \u2764\ufe0f Special Deals","og_description":"Lagerr\u00e4ume \/ Lager mieten in der N\u00e4he - Jetzt online buchen\u261d 24 Stunden \/ 365 Tagen Zugang \u2705 Alarmgesichert","og_url":"https:\/\/www.mybox.eu\/en\/lager-mieten-in-der-nahe\/","og_site_name":"MyBox","article_modified_time":"2024-10-21T09:47:22+00:00","twitter_card":"summary_large_image","schema":{"@context":"https:\/\/schema.org","@graph":[{"@type":"WebPage","@id":"https:\/\/www.mybox.eu\/lager-mieten-in-der-nahe\/","url":"https:\/\/www.mybox.eu\/lager-mieten-in-der-nahe\/","name":"Lagerr\u00e4ume \/ Lager mieten in der N\u00e4he \u2764\ufe0f Special Deals","isPartOf":{"@id":"https:\/\/www.mybox.eu\/#website"},"datePublished":"2024-10-21T08:20:30+00:00","dateModified":"2024-10-21T09:47:22+00:00","description":"Lagerr\u00e4ume \/ Lager mieten in der N\u00e4he - Jetzt online buchen\u261d 24 Stunden \/ 365 Tagen Zugang \u2705 Alarmgesichert","breadcrumb":{"@id":"https:\/\/www.mybox.eu\/lager-mieten-in-der-nahe\/#breadcrumb"},"inLanguage":"en-US","potentialAction":[{"@type":"ReadAction","target":["https:\/\/www.mybox.eu\/lager-mieten-in-der-nahe\/"]}]},{"@type":"BreadcrumbList","@id":"https:\/\/www.mybox.eu\/lager-mieten-in-der-nahe\/#breadcrumb","itemListElement":[{"@type":"ListItem","position":1,"name":"MyBox Selfstorage","item":"https:\/\/www.mybox.eu\/"},{"@type":"ListItem","position":2,"name":"Lager mieten in der N\u00e4he"}]},{"@type":"WebSite","@id":"https:\/\/www.mybox.eu\/#website","url":"https:\/\/www.mybox.eu\/","name":"MyBox Self-Storage","description":"Self-storage","publisher":{"@id":"https:\/\/www.mybox.eu\/#organization"},"potentialAction":[{"@type":"SearchAction","target":{"@type":"EntryPoint","urlTemplate":"https:\/\/www.mybox.eu\/?s={search_term_string}"},"query-input":{"@type":"PropertyValueSpecification","valueRequired":true,"valueName":"search_term_string"}}],"inLanguage":"en-US"},{"@type":"Organization","@id":"https:\/\/www.mybox.eu\/#organization","name":"MyBox Self-Storage","url":"https:\/\/www.mybox.eu\/","logo":{"@type":"ImageObject","inLanguage":"en-US","@id":"https:\/\/www.mybox.eu\/#\/schema\/logo\/image\/","url":"https:\/\/www.mybox.eu\/wp-content\/uploads\/mybox-grau.png","contentUrl":"https:\/\/www.mybox.eu\/wp-content\/uploads\/mybox-grau.png","width":1456,"height":424,"caption":"MyBox Selfstorage"},"image":{"@id":"https:\/\/www.mybox.eu\/#\/schema\/logo\/image\/"},"sameAs":["https:\/\/www.instagram.com\/mybox.eu\/"]}]}},"_links":{"self":[{"href":"https:\/\/www.mybox.eu\/en\/wp-json\/wp\/v2\/pages\/8986","targetHints":{"allow":["GET"]}}],"collection":[{"href":"https:\/\/www.mybox.eu\/en\/wp-json\/wp\/v2\/pages"}],"about":[{"href":"https:\/\/www.mybox.eu\/en\/wp-json\/wp\/v2\/types\/page"}],"author":[{"embeddable":true,"href":"https:\/\/www.mybox.eu\/en\/wp-json\/wp\/v2\/users\/1"}],"replies":[{"embeddable":true,"href":"https:\/\/www.mybox.eu\/en\/wp-json\/wp\/v2\/comments?post=8986"}],"version-history":[{"count":31,"href":"https:\/\/www.mybox.eu\/en\/wp-json\/wp\/v2\/pages\/8986\/revisions"}],"predecessor-version":[{"id":9091,"href":"https:\/\/www.mybox.eu\/en\/wp-json\/wp\/v2\/pages\/8986\/revisions\/9091"}],"wp:attachment":[{"href":"https:\/\/www.mybox.eu\/en\/wp-json\/wp\/v2\/media?parent=8986"}],"curies":[{"name":"wp","href":"https:\/\/api.w.org\/{rel}","templated":true}]}}