{"id":9274,"date":"2024-11-27T13:48:03","date_gmt":"2024-11-27T12:48:03","guid":{"rendered":"https:\/\/www.mybox.eu\/?page_id=9274"},"modified":"2024-11-28T16:37:48","modified_gmt":"2024-11-28T15:37:48","slug":"black-friday-sale","status":"publish","type":"page","link":"https:\/\/www.mybox.eu\/en\/black-friday-sale\/","title":{"rendered":"Black Friday Sale"},"content":{"rendered":"<div data-elementor-type=\"wp-page\" data-elementor-id=\"9274\" class=\"elementor elementor-9274\" data-elementor-post-type=\"page\">\n\t\t\t\t<div data-particle_enable=\"false\" data-particle-mobile-disabled=\"false\" class=\"elementor-element elementor-element-1c536b4 e-con-full e-flex e-con e-parent\" data-id=\"1c536b4\" data-element_type=\"container\" data-settings=\"{&quot;jet_parallax_layout_list&quot;:[]}\">\n\t\t\t\t<div class=\"elementor-element elementor-element-3267074 elementor--h-position-center elementor--v-position-middle elementor-arrows-position-inside elementor-pagination-position-inside elementor-widget elementor-widget-slides\" data-id=\"3267074\" data-element_type=\"widget\" data-settings=\"{&quot;navigation&quot;:&quot;both&quot;,&quot;autoplay&quot;:&quot;yes&quot;,&quot;pause_on_hover&quot;:&quot;yes&quot;,&quot;pause_on_interaction&quot;:&quot;yes&quot;,&quot;autoplay_speed&quot;:5000,&quot;infinite&quot;:&quot;yes&quot;,&quot;transition&quot;:&quot;slide&quot;,&quot;transition_speed&quot;:500}\" data-widget_type=\"slides.default\">\n\t\t\t\t<div class=\"elementor-widget-container\">\n\t\t\t\t\t\t\t\t\t<div class=\"elementor-swiper\">\n\t\t\t\t\t<div class=\"elementor-slides-wrapper elementor-main-swiper swiper\" role=\"region\" aria-roledescription=\"carousel\" aria-label=\"Slider\" dir=\"ltr\" data-animation=\"fadeInUp\">\n\t\t\t\t<div class=\"swiper-wrapper elementor-slides\">\n\t\t\t\t\t\t\t\t\t\t<div class=\"elementor-repeater-item-dead6f7 swiper-slide\" role=\"group\" aria-roledescription=\"slide\"><div class=\"swiper-slide-bg\" role=\"img\" aria-label=\"Garage mieten in der n\u00e4he - entdecke die bessere Alternative\"><\/div><div class=\"elementor-background-overlay\"><\/div><div class=\"swiper-slide-inner\" ><div class=\"swiper-slide-contents\"><div class=\"elementor-slide-heading\">Black Friday Angebot<\/div><\/div><\/div><\/div>\t\t\t\t<\/div>\n\t\t\t\t\t\t\t<\/div>\n\t\t\t\t<\/div>\n\t\t\t\t\t\t\t\t<\/div>\n\t\t\t\t<\/div>\n\t\t\t\t<\/div>\n\t\t<div data-particle_enable=\"false\" data-particle-mobile-disabled=\"false\" class=\"elementor-element elementor-element-d9d9d1e e-flex e-con-boxed e-con e-parent\" data-id=\"d9d9d1e\" data-element_type=\"container\" data-settings=\"{&quot;jet_parallax_layout_list&quot;:[]}\">\n\t\t\t\t\t<div class=\"e-con-inner\">\n\t\t<div data-particle_enable=\"false\" data-particle-mobile-disabled=\"false\" class=\"elementor-element elementor-element-be20908 e-con-full e-flex e-con e-child\" data-id=\"be20908\" data-element_type=\"container\" data-settings=\"{&quot;jet_parallax_layout_list&quot;:[]}\">\n\t\t\t\t<div data-dce-text-color=\"#A5A5A5\" class=\"elementor-element elementor-element-7c56be3 elementor-widget elementor-widget-breadcrumbs\" data-id=\"7c56be3\" data-element_type=\"widget\" data-widget_type=\"breadcrumbs.default\">\n\t\t\t\t<div class=\"elementor-widget-container\">\n\t\t\t\t\t<p id=\"breadcrumbs\"><span><span><a href=\"https:\/\/www.mybox.eu\/en\/\">MyBox Self-Storage<\/a><\/span><\/span><\/p>\t\t\t\t<\/div>\n\t\t\t\t<\/div>\n\t\t\t\t<\/div>\n\t\t\t\t\t<\/div>\n\t\t\t\t<\/div>\n\t\t<div data-particle_enable=\"false\" data-particle-mobile-disabled=\"false\" class=\"elementor-element elementor-element-96c05b7 e-flex e-con-boxed e-con e-parent\" data-id=\"96c05b7\" data-element_type=\"container\" data-settings=\"{&quot;jet_parallax_layout_list&quot;:[]}\">\n\t\t\t\t\t<div class=\"e-con-inner\">\n\t\t<div data-particle_enable=\"false\" data-particle-mobile-disabled=\"false\" class=\"elementor-element elementor-element-b62dda6 e-con-full e-flex e-con e-child\" data-id=\"b62dda6\" data-element_type=\"container\" data-settings=\"{&quot;jet_parallax_layout_list&quot;:[]}\">\n\t\t\t\t<div class=\"elementor-element elementor-element-f0f942d elementor-view-default elementor-position-top elementor-mobile-position-top elementor-widget elementor-widget-icon-box\" data-id=\"f0f942d\" data-element_type=\"widget\" data-settings=\"{&quot;motion_fx_motion_fx_scrolling&quot;:&quot;yes&quot;,&quot;motion_fx_translateY_effect&quot;:&quot;yes&quot;,&quot;motion_fx_translateY_direction&quot;:&quot;negative&quot;,&quot;motion_fx_translateY_speed&quot;:{&quot;unit&quot;:&quot;px&quot;,&quot;size&quot;:2,&quot;sizes&quot;:[]},&quot;motion_fx_translateY_affectedRange&quot;:{&quot;unit&quot;:&quot;%&quot;,&quot;size&quot;:&quot;&quot;,&quot;sizes&quot;:{&quot;start&quot;:25,&quot;end&quot;:75}},&quot;motion_fx_devices&quot;:[&quot;desktop&quot;,&quot;tablet&quot;,&quot;mobile&quot;]}\" data-widget_type=\"icon-box.default\">\n\t\t\t\t<div class=\"elementor-widget-container\">\n\t\t\t\t\t\t\t<div class=\"elementor-icon-box-wrapper\">\n\n\t\t\t\t\t\t<div class=\"elementor-icon-box-icon\">\n\t\t\t\t<span  class=\"elementor-icon\">\n\t\t\t\t<i aria-hidden=\"true\" class=\"fas fa-ticket-alt\"><\/i>\t\t\t\t<\/span>\n\t\t\t<\/div>\n\t\t\t\n\t\t\t\t\t\t<div class=\"elementor-icon-box-content\">\n\n\t\t\t\t\t\t\t\t\t<h3 class=\"elementor-icon-box-title\">\n\t\t\t\t\t\t<span  >\n\t\t\t\t\t\t\tBLACKFRIDAY24\t\t\t\t\t\t<\/span>\n\t\t\t\t\t<\/h3>\n\t\t\t\t\n\t\t\t\t\n\t\t\t<\/div>\n\t\t\t\n\t\t<\/div>\n\t\t\t\t\t\t<\/div>\n\t\t\t\t<\/div>\n\t\t\t\t<\/div>\n\t\t<div data-particle_enable=\"false\" data-particle-mobile-disabled=\"false\" class=\"elementor-element elementor-element-f50e9d5 e-con-full e-flex e-con e-child\" data-id=\"f50e9d5\" data-element_type=\"container\" data-settings=\"{&quot;jet_parallax_layout_list&quot;:[]}\">\n\t\t\t\t<div class=\"elementor-element elementor-element-21c83ff elementor-widget elementor-widget-heading\" data-id=\"21c83ff\" data-element_type=\"widget\" data-widget_type=\"heading.default\">\n\t\t\t\t<div class=\"elementor-widget-container\">\n\t\t\t\t\t<h1 class=\"elementor-heading-title elementor-size-default\">50% Rabatt auf dein Lagerbox<\/h1>\t\t\t\t<\/div>\n\t\t\t\t<\/div>\n\t\t\t\t<div class=\"elementor-element elementor-element-e27da95 elementor-widget elementor-widget-heading\" data-id=\"e27da95\" data-element_type=\"widget\" data-widget_type=\"heading.default\">\n\t\t\t\t<div class=\"elementor-widget-container\">\n\t\t\t\t\t<h2 class=\"elementor-heading-title elementor-size-default\">Dein Deal, dein Raum<br>Jetzt <b>50% sparen<\/b> auf alle Lagerfl\u00e4chen!<\/h2>\t\t\t\t<\/div>\n\t\t\t\t<\/div>\n\t\t\t\t<div class=\"elementor-element elementor-element-f003ff7 elementor-widget elementor-widget-text-editor\" data-id=\"f003ff7\" data-element_type=\"widget\" data-widget_type=\"text-editor.default\">\n\t\t\t\t<div class=\"elementor-widget-container\">\n\t\t\t\t\t\t\t\t\t<p>Nutze unsere exklusive Black Friday-Aktion und gewinne mehr Raum f\u00fcr die Dinge, die dir wirklich wichtig sind. Unsere modernen Selfstorage-L\u00f6sungen bieten dir maximale Flexibilit\u00e4t, Sicherheit und rund um die Uhr Zugang \u2013 genau so, wie du es brauchst.<\/p><p>Ob du dein Zuhause neu strukturieren, Platz im B\u00fcro schaffen oder saisonale Gegenst\u00e4nde verstauen m\u00f6chtest \u2013 wir haben die ideale Lagerl\u00f6sung f\u00fcr dich. Besonders in der Weihnachtszeit bieten wir dir den n\u00f6tigen Stauraum, um dein Zuhause f\u00fcr die Feiertage vorzubereiten und Geschenke sicher zu verstauen.<\/p>\t\t\t\t\t\t\t\t<\/div>\n\t\t\t\t<\/div>\n\t\t\t\t<div class=\"elementor-element elementor-element-77b68ad elementor-widget elementor-widget-heading\" data-id=\"77b68ad\" data-element_type=\"widget\" data-widget_type=\"heading.default\">\n\t\t\t\t<div class=\"elementor-widget-container\">\n\t\t\t\t\t<h2 class=\"elementor-heading-title elementor-size-default\">Dein Black Friday Vorteil:<\/h2>\t\t\t\t<\/div>\n\t\t\t\t<\/div>\n\t\t\t\t<div class=\"elementor-element elementor-element-4fd4f6b elementor-widget elementor-widget-text-editor\" data-id=\"4fd4f6b\" data-element_type=\"widget\" data-widget_type=\"text-editor.default\">\n\t\t\t\t<div class=\"elementor-widget-container\">\n\t\t\t\t\t\t\t\t\t<p>Sichere dir jetzt 50% Rabatt auf alle Lagerr\u00e4ume \u2013 f\u00fcr die ersten 2 Monate! Gilt f\u00fcr alle Buchungen im Tarif &#8222;Der Flexible .<\/p><p><strong>So einfach geht&#8217;s:<\/strong><\/p><ol><li>W\u00e4hle dein Lagerbox an einem unserer Standorte: <strong>Bochum<\/strong>, <strong>Muenster<\/strong> oder <strong>Bielefeld<\/strong>.<\/li><li>Gib den Rabattcode \u201e<strong>BLACKFRIDAY24<\/strong>\u201c bei deiner Online-Buchung ein.<\/li><li>Genie\u00dfe 50% Rabatt f\u00fcr die ersten zwei Monate und gewinne mehr Platz f\u00fcr eine entspannte Weihnachtszeit!<strong>*<\/strong><\/li><\/ol>\t\t\t\t\t\t\t\t<\/div>\n\t\t\t\t<\/div>\n\t\t\t\t<\/div>\n\t\t\t\t\t<\/div>\n\t\t\t\t<\/div>\n\t\t<div data-particle_enable=\"false\" data-particle-mobile-disabled=\"false\" data-dce-background-color=\"#E96704\" class=\"elementor-element elementor-element-68300a7 e-flex e-con-boxed e-con e-parent\" data-id=\"68300a7\" data-element_type=\"container\" data-settings=\"{&quot;background_background&quot;:&quot;classic&quot;,&quot;jet_parallax_layout_list&quot;:[],&quot;shape_divider_top&quot;:&quot;triangle&quot;,&quot;shape_divider_bottom&quot;:&quot;triangle&quot;,&quot;shape_divider_bottom_negative&quot;:&quot;yes&quot;}\">\n\t\t\t\t\t<div class=\"e-con-inner\">\n\t\t\t\t<div class=\"elementor-shape elementor-shape-top\" aria-hidden=\"true\" data-negative=\"false\">\n\t\t\t<svg xmlns=\"http:\/\/www.w3.org\/2000\/svg\" viewbox=\"0 0 1000 100\" preserveaspectratio=\"none\">\n\t<path class=\"elementor-shape-fill\" d=\"M500,98.9L0,6.1V0h1000v6.1L500,98.9z\"\/>\n<\/svg>\t\t<\/div>\n\t\t\t\t<div class=\"elementor-shape elementor-shape-bottom\" aria-hidden=\"true\" data-negative=\"true\">\n\t\t\t<svg xmlns=\"http:\/\/www.w3.org\/2000\/svg\" viewbox=\"0 0 1000 100\" preserveaspectratio=\"none\">\n\t<path class=\"elementor-shape-fill\" d=\"M500.2,94.7L0,0v100h1000V0L500.2,94.7z\"\/>\n<\/svg>\t\t<\/div>\n\t\t\t\t<div class=\"elementor-element elementor-element-48b3cba elementor-widget elementor-widget-heading\" data-id=\"48b3cba\" data-element_type=\"widget\" data-widget_type=\"heading.default\">\n\t\t\t\t<div class=\"elementor-widget-container\">\n\t\t\t\t\t<h3 class=\"elementor-heading-title elementor-size-default\">Teilnahmebedingungen<\/h3>\t\t\t\t<\/div>\n\t\t\t\t<\/div>\n\t\t\t\t<div class=\"elementor-element elementor-element-b2435e6 elementor-widget elementor-widget-text-editor\" data-id=\"b2435e6\" data-element_type=\"widget\" data-widget_type=\"text-editor.default\">\n\t\t\t\t<div class=\"elementor-widget-container\">\n\t\t\t\t\t\t\t\t\t<p><strong>Pro Person und Buchung kann nur ein Gutschein eingel\u00f6st werden. Die Angebote sind nicht mit anderen Aktionen kombinierbar oder kumulierbar. G\u00fcltig an den MyBox Standorten: Bochum, M\u00fcnster und Bielefeld. Die Aktion gilt ausschlie\u00dflich f\u00fcr die ersten 2 Mietmonate. Bestehende Kunden sind von der Aktion ausgeschlossen. Aktionszeitraum: 27.11. \u2013 06.12.2024.<\/strong><\/p>\t\t\t\t\t\t\t\t<\/div>\n\t\t\t\t<\/div>\n\t\t\t\t\t<\/div>\n\t\t\t\t<\/div>\n\t\t<div data-particle_enable=\"false\" data-particle-mobile-disabled=\"false\" class=\"elementor-element elementor-element-d77e7ff e-flex e-con-boxed e-con e-parent\" data-id=\"d77e7ff\" data-element_type=\"container\" data-settings=\"{&quot;jet_parallax_layout_list&quot;:[]}\">\n\t\t\t\t\t<div class=\"e-con-inner\">\n\t\t<div data-particle_enable=\"false\" data-particle-mobile-disabled=\"false\" class=\"elementor-element elementor-element-3ba9f70 e-con-full e-flex e-con e-child\" data-id=\"3ba9f70\" data-element_type=\"container\" data-settings=\"{&quot;jet_parallax_layout_list&quot;:[]}\">\n\t\t\t\t<div class=\"elementor-element elementor-element-f23b7b7 elementor-widget elementor-widget-heading\" data-id=\"f23b7b7\" data-element_type=\"widget\" data-widget_type=\"heading.default\">\n\t\t\t\t<div class=\"elementor-widget-container\">\n\t\t\t\t\t<h2 class=\"elementor-heading-title elementor-size-default\">Clevere Selfstorage-L\u00f6sungen<br>Entdecke die Vorteile von MyBox<\/h2>\t\t\t\t<\/div>\n\t\t\t\t<\/div>\n\t\t\t\t<div class=\"elementor-element elementor-element-e0737da elementor-widget elementor-widget-text-editor\" data-id=\"e0737da\" data-element_type=\"widget\" data-widget_type=\"text-editor.default\">\n\t\t\t\t<div class=\"elementor-widget-container\">\n\t\t\t\t\t\t\t\t\t<p>Mit MyBox wird Einlagern einfach, flexibel und sicher. Ob f\u00fcr dein Zuhause, B\u00fcro oder saisonale Gegenst\u00e4nde \u2013 wir bieten moderne, sichere Lagerabteile, die sich an deine Bed\u00fcrfnisse anpassen. Dank flexibler Mietoptionen und einfacher Buchung hast du jederzeit den Raum, den du brauchst.<\/p>\t\t\t\t\t\t\t\t<\/div>\n\t\t\t\t<\/div>\n\t\t\t\t<div class=\"elementor-element elementor-element-70c6006 elementor-icon-list--layout-traditional elementor-list-item-link-full_width elementor-widget elementor-widget-icon-list\" data-id=\"70c6006\" data-element_type=\"widget\" data-widget_type=\"icon-list.default\">\n\t\t\t\t<div class=\"elementor-widget-container\">\n\t\t\t\t\t\t\t<ul class=\"elementor-icon-list-items\">\n\t\t\t\t\t\t\t<li class=\"elementor-icon-list-item\">\n\t\t\t\t\t\t\t\t\t\t\t<span class=\"elementor-icon-list-icon\">\n\t\t\t\t\t\t\t<i aria-hidden=\"true\" class=\"fas fa-clock\"><\/i>\t\t\t\t\t\t<\/span>\n\t\t\t\t\t\t\t\t\t\t<span class=\"elementor-icon-list-text\">24\/7-Zugang zu deinem Lagerbox<\/span>\n\t\t\t\t\t\t\t\t\t<\/li>\n\t\t\t\t\t\t\t\t<li class=\"elementor-icon-list-item\">\n\t\t\t\t\t\t\t\t\t\t\t<span class=\"elementor-icon-list-icon\">\n\t\t\t\t\t\t\t<i aria-hidden=\"true\" class=\"fas fa-mobile-alt\"><\/i>\t\t\t\t\t\t<\/span>\n\t\t\t\t\t\t\t\t\t\t<span class=\"elementor-icon-list-text\">Zugriff und Zutrittskontrolle bequem \u00fcber eine Smartphone-App<\/span>\n\t\t\t\t\t\t\t\t\t<\/li>\n\t\t\t\t\t\t\t\t<li class=\"elementor-icon-list-item\">\n\t\t\t\t\t\t\t\t\t\t\t<span class=\"elementor-icon-list-icon\">\n\t\t\t\t\t\t\t<i aria-hidden=\"true\" class=\"fas fa-calendar-alt\"><\/i>\t\t\t\t\t\t<\/span>\n\t\t\t\t\t\t\t\t\t\t<span class=\"elementor-icon-list-text\">Flexible Mietzeiten, die sich deinem Bedarf anpassen<\/span>\n\t\t\t\t\t\t\t\t\t<\/li>\n\t\t\t\t\t\t\t\t<li class=\"elementor-icon-list-item\">\n\t\t\t\t\t\t\t\t\t\t\t<span class=\"elementor-icon-list-icon\">\n\t\t\t\t\t\t\t<i aria-hidden=\"true\" class=\"fas fa-dolly\"><\/i>\t\t\t\t\t\t<\/span>\n\t\t\t\t\t\t\t\t\t\t<span class=\"elementor-icon-list-text\">Kostenlose Nutzung von Transportmitteln<\/span>\n\t\t\t\t\t\t\t\t\t<\/li>\n\t\t\t\t\t\t\t\t<li class=\"elementor-icon-list-item\">\n\t\t\t\t\t\t\t\t\t\t\t<span class=\"elementor-icon-list-icon\">\n\t\t\t\t\t\t\t<i aria-hidden=\"true\" class=\"fas fa-temperature-low\"><\/i>\t\t\t\t\t\t<\/span>\n\t\t\t\t\t\t\t\t\t\t<span class=\"elementor-icon-list-text\">Temperaturgeregelte Lagerung<\/span>\n\t\t\t\t\t\t\t\t\t<\/li>\n\t\t\t\t\t\t\t\t<li class=\"elementor-icon-list-item\">\n\t\t\t\t\t\t\t\t\t\t\t<span class=\"elementor-icon-list-icon\">\n\t\t\t\t\t\t\t<i aria-hidden=\"true\" class=\"fas fa-video\"><\/i>\t\t\t\t\t\t<\/span>\n\t\t\t\t\t\t\t\t\t\t<span class=\"elementor-icon-list-text\">Rundum-Video\u00fcberwachung f\u00fcr maximale Sicherheit<\/span>\n\t\t\t\t\t\t\t\t\t<\/li>\n\t\t\t\t\t\t\t\t<li class=\"elementor-icon-list-item\">\n\t\t\t\t\t\t\t\t\t\t\t<span class=\"elementor-icon-list-icon\">\n\t\t\t\t\t\t\t<i aria-hidden=\"true\" class=\"fas fa-smile\"><\/i>\t\t\t\t\t\t<\/span>\n\t\t\t\t\t\t\t\t\t\t<span class=\"elementor-icon-list-text\">Gepflegte und saubere Lagerbereiche<\/span>\n\t\t\t\t\t\t\t\t\t<\/li>\n\t\t\t\t\t\t<\/ul>\n\t\t\t\t\t\t<\/div>\n\t\t\t\t<\/div>\n\t\t\t\t<\/div>\n\t\t<div data-particle_enable=\"false\" data-particle-mobile-disabled=\"false\" class=\"elementor-element elementor-element-b77e1ed e-con-full e-flex e-con e-child\" data-id=\"b77e1ed\" data-element_type=\"container\" data-settings=\"{&quot;jet_parallax_layout_list&quot;:[]}\">\n\t\t\t\t<div class=\"elementor-element elementor-element-b2174ed elementor-cta--layout-image-above elementor-cta--skin-classic elementor-animated-content elementor-bg-transform elementor-bg-transform-zoom-in elementor-widget elementor-widget-call-to-action\" data-id=\"b2174ed\" data-element_type=\"widget\" data-widget_type=\"call-to-action.default\">\n\t\t\t\t<div class=\"elementor-widget-container\">\n\t\t\t\t\t\t\t<div class=\"elementor-cta\">\n\t\t\t\t\t\t\t<div class=\"elementor-cta__content\">\n\t\t\t\t\t\t\t\t\t<div class=\"elementor-content-item elementor-cta__content-item elementor-icon-wrapper elementor-cta__icon elementor-view-default\">\n\t\t\t\t\t\t<div class=\"elementor-icon\">\n\t\t\t\t\t\t\t<i aria-hidden=\"true\" class=\"fas fa-map-signs\"><\/i>\t\t\t\t\t\t<\/div>\n\t\t\t\t\t<\/div>\n\t\t\t\t\n\t\t\t\t\t\t\t\t\t<h3 class=\"elementor-cta__title elementor-cta__content-item elementor-content-item\">\n\t\t\t\t\t\tBochum\t\t\t\t\t<\/h3>\n\t\t\t\t\n\t\t\t\t\t\t\t\t\t<div class=\"elementor-cta__description elementor-cta__content-item elementor-content-item\">\n\t\t\t\t\t\tHarpener Feld 34, 44805 Bochum\t\t\t\t\t<\/div>\n\t\t\t\t\n\t\t\t\t\t\t\t\t\t<div class=\"elementor-cta__button-wrapper elementor-cta__content-item elementor-content-item\">\n\t\t\t\t\t<a class=\"elementor-cta__button elementor-button elementor-size-\" href=\"https:\/\/www.mybox.eu\/en\/storage-room-rental-bochum\/\">\n\t\t\t\t\t\tBook now\t\t\t\t\t<\/a>\n\t\t\t\t\t<\/div>\n\t\t\t\t\t\t\t<\/div>\n\t\t\t\t\t\t<\/div>\n\t\t\t\t\t\t<\/div>\n\t\t\t\t<\/div>\n\t\t\t\t<div class=\"elementor-element elementor-element-f5214c1 elementor-cta--layout-image-above elementor-cta--skin-classic elementor-animated-content elementor-bg-transform elementor-bg-transform-zoom-in elementor-widget elementor-widget-call-to-action\" data-id=\"f5214c1\" data-element_type=\"widget\" data-widget_type=\"call-to-action.default\">\n\t\t\t\t<div class=\"elementor-widget-container\">\n\t\t\t\t\t\t\t<div class=\"elementor-cta\">\n\t\t\t\t\t\t\t<div class=\"elementor-cta__content\">\n\t\t\t\t\t\t\t\t\t<div class=\"elementor-content-item elementor-cta__content-item elementor-icon-wrapper elementor-cta__icon elementor-view-default\">\n\t\t\t\t\t\t<div class=\"elementor-icon\">\n\t\t\t\t\t\t\t<i aria-hidden=\"true\" class=\"fas fa-map-signs\"><\/i>\t\t\t\t\t\t<\/div>\n\t\t\t\t\t<\/div>\n\t\t\t\t\n\t\t\t\t\t\t\t\t\t<h3 class=\"elementor-cta__title elementor-cta__content-item elementor-content-item\">\n\t\t\t\t\t\tMuenster\t\t\t\t\t<\/h3>\n\t\t\t\t\n\t\t\t\t\t\t\t\t\t<div class=\"elementor-cta__description elementor-cta__content-item elementor-content-item\">\n\t\t\t\t\t\tHarkortstra\u00dfe 6, 48163 M\u00fcnster\t\t\t\t\t<\/div>\n\t\t\t\t\n\t\t\t\t\t\t\t\t\t<div class=\"elementor-cta__button-wrapper elementor-cta__content-item elementor-content-item\">\n\t\t\t\t\t<a class=\"elementor-cta__button elementor-button elementor-size-\" href=\"https:\/\/www.mybox.eu\/en\/rent-storage-space-muenster\/\">\n\t\t\t\t\t\tBook now\t\t\t\t\t<\/a>\n\t\t\t\t\t<\/div>\n\t\t\t\t\t\t\t<\/div>\n\t\t\t\t\t\t<\/div>\n\t\t\t\t\t\t<\/div>\n\t\t\t\t<\/div>\n\t\t\t\t<div class=\"elementor-element elementor-element-318eb8c elementor-cta--layout-image-above elementor-cta--skin-classic elementor-animated-content elementor-bg-transform elementor-bg-transform-zoom-in elementor-widget elementor-widget-call-to-action\" data-id=\"318eb8c\" data-element_type=\"widget\" data-widget_type=\"call-to-action.default\">\n\t\t\t\t<div class=\"elementor-widget-container\">\n\t\t\t\t\t\t\t<div class=\"elementor-cta\">\n\t\t\t\t\t\t\t<div class=\"elementor-cta__content\">\n\t\t\t\t\t\t\t\t\t<div class=\"elementor-content-item elementor-cta__content-item elementor-icon-wrapper elementor-cta__icon elementor-view-default\">\n\t\t\t\t\t\t<div class=\"elementor-icon\">\n\t\t\t\t\t\t\t<i aria-hidden=\"true\" class=\"fas fa-map-signs\"><\/i>\t\t\t\t\t\t<\/div>\n\t\t\t\t\t<\/div>\n\t\t\t\t\n\t\t\t\t\t\t\t\t\t<h3 class=\"elementor-cta__title elementor-cta__content-item elementor-content-item\">\n\t\t\t\t\t\tBielefeld\t\t\t\t\t<\/h3>\n\t\t\t\t\n\t\t\t\t\t\t\t\t\t<div class=\"elementor-cta__description elementor-cta__content-item elementor-content-item\">\n\t\t\t\t\t\tHerforder Strasse 297, 33609 Bielefeld\t\t\t\t\t<\/div>\n\t\t\t\t\n\t\t\t\t\t\t\t\t\t<div class=\"elementor-cta__button-wrapper elementor-cta__content-item elementor-content-item\">\n\t\t\t\t\t<a class=\"elementor-cta__button elementor-button elementor-size-\" href=\"https:\/\/www.mybox.eu\/en\/storage-room-rental-bielefeld\/\">\n\t\t\t\t\t\tBook now\t\t\t\t\t<\/a>\n\t\t\t\t\t<\/div>\n\t\t\t\t\t\t\t<\/div>\n\t\t\t\t\t\t<\/div>\n\t\t\t\t\t\t<\/div>\n\t\t\t\t<\/div>\n\t\t\t\t<\/div>\n\t\t\t\t\t<\/div>\n\t\t\t\t<\/div>\n\t\t\t\t<\/div>","protected":false},"excerpt":{"rendered":"<p>Black Friday Angebot BLACKFRIDAY24 50% Rabatt auf dein Lagerbox Dein Deal, dein RaumJetzt 50% sparen auf alle Lagerfl\u00e4chen! Nutze unsere exklusive Black Friday-Aktion und gewinne mehr Raum f\u00fcr die Dinge, die dir wirklich wichtig sind. Unsere modernen Selfstorage-L\u00f6sungen bieten dir maximale Flexibilit\u00e4t, Sicherheit und rund um die Uhr Zugang \u2013 genau so, wie du es [&hellip;]<\/p>","protected":false},"author":1,"featured_media":0,"parent":0,"menu_order":0,"comment_status":"closed","ping_status":"closed","template":"","meta":{"footnotes":""},"class_list":["post-9274","page","type-page","status-publish","hentry"],"yoast_head":"<!-- This site is optimized with the Yoast SEO plugin v26.6 - https:\/\/yoast.com\/wordpress\/plugins\/seo\/ -->\n<title>Black Friday Sale &#187; MyBox<\/title>\n<meta name=\"robots\" content=\"index, follow, max-snippet:-1, max-image-preview:large, max-video-preview:-1\" \/>\n<link rel=\"canonical\" href=\"https:\/\/www.mybox.eu\/en\/black-friday-sale\/\" \/>\n<meta property=\"og:locale\" content=\"en_US\" \/>\n<meta property=\"og:type\" content=\"article\" \/>\n<meta property=\"og:title\" content=\"Black Friday Sale &#187; MyBox\" \/>\n<meta property=\"og:description\" content=\"Black Friday Angebot BLACKFRIDAY24 50% Rabatt auf dein Lagerbox Dein Deal, dein RaumJetzt 50% sparen auf alle Lagerfl\u00e4chen! Nutze unsere exklusive Black Friday-Aktion und gewinne mehr Raum f\u00fcr die Dinge, die dir wirklich wichtig sind. Unsere modernen Selfstorage-L\u00f6sungen bieten dir maximale Flexibilit\u00e4t, Sicherheit und rund um die Uhr Zugang \u2013 genau so, wie du es [&hellip;]\" \/>\n<meta property=\"og:url\" content=\"https:\/\/www.mybox.eu\/en\/black-friday-sale\/\" \/>\n<meta property=\"og:site_name\" content=\"MyBox\" \/>\n<meta property=\"article:modified_time\" content=\"2024-11-28T15:37:48+00:00\" \/>\n<meta name=\"twitter:card\" content=\"summary_large_image\" \/>\n<script type=\"application\/ld+json\" class=\"yoast-schema-graph\">{\"@context\":\"https:\/\/schema.org\",\"@graph\":[{\"@type\":\"WebPage\",\"@id\":\"https:\/\/www.mybox.eu\/black-friday-sale\/\",\"url\":\"https:\/\/www.mybox.eu\/black-friday-sale\/\",\"name\":\"Black Friday Sale &#187; MyBox\",\"isPartOf\":{\"@id\":\"https:\/\/www.mybox.eu\/#website\"},\"datePublished\":\"2024-11-27T12:48:03+00:00\",\"dateModified\":\"2024-11-28T15:37:48+00:00\",\"breadcrumb\":{\"@id\":\"https:\/\/www.mybox.eu\/black-friday-sale\/#breadcrumb\"},\"inLanguage\":\"en-US\",\"potentialAction\":[{\"@type\":\"ReadAction\",\"target\":[\"https:\/\/www.mybox.eu\/black-friday-sale\/\"]}]},{\"@type\":\"BreadcrumbList\",\"@id\":\"https:\/\/www.mybox.eu\/black-friday-sale\/#breadcrumb\",\"itemListElement\":[{\"@type\":\"ListItem\",\"position\":1,\"name\":\"MyBox Selfstorage\",\"item\":\"https:\/\/www.mybox.eu\/\"},{\"@type\":\"ListItem\",\"position\":2,\"name\":\"Black Friday Sale\"}]},{\"@type\":\"WebSite\",\"@id\":\"https:\/\/www.mybox.eu\/#website\",\"url\":\"https:\/\/www.mybox.eu\/\",\"name\":\"MyBox Selfstorage\",\"description\":\"Selfstorage\",\"publisher\":{\"@id\":\"https:\/\/www.mybox.eu\/#organization\"},\"potentialAction\":[{\"@type\":\"SearchAction\",\"target\":{\"@type\":\"EntryPoint\",\"urlTemplate\":\"https:\/\/www.mybox.eu\/?s={search_term_string}\"},\"query-input\":{\"@type\":\"PropertyValueSpecification\",\"valueRequired\":true,\"valueName\":\"search_term_string\"}}],\"inLanguage\":\"en-US\"},{\"@type\":\"Organization\",\"@id\":\"https:\/\/www.mybox.eu\/#organization\",\"name\":\"MyBox Selfstorage\",\"url\":\"https:\/\/www.mybox.eu\/\",\"logo\":{\"@type\":\"ImageObject\",\"inLanguage\":\"en-US\",\"@id\":\"https:\/\/www.mybox.eu\/#\/schema\/logo\/image\/\",\"url\":\"https:\/\/www.mybox.eu\/wp-content\/uploads\/mybox-grau.png\",\"contentUrl\":\"https:\/\/www.mybox.eu\/wp-content\/uploads\/mybox-grau.png\",\"width\":1456,\"height\":424,\"caption\":\"MyBox Selfstorage\"},\"image\":{\"@id\":\"https:\/\/www.mybox.eu\/#\/schema\/logo\/image\/\"},\"sameAs\":[\"https:\/\/www.instagram.com\/mybox.eu\/\"]}]}<\/script>\n<!-- \/ Yoast SEO plugin. -->","yoast_head_json":{"title":"Black Friday Sale &#187; MyBox","robots":{"index":"index","follow":"follow","max-snippet":"max-snippet:-1","max-image-preview":"max-image-preview:large","max-video-preview":"max-video-preview:-1"},"canonical":"https:\/\/www.mybox.eu\/en\/black-friday-sale\/","og_locale":"en_US","og_type":"article","og_title":"Black Friday Sale &#187; MyBox","og_description":"Black Friday Angebot BLACKFRIDAY24 50% Rabatt auf dein Lagerbox Dein Deal, dein RaumJetzt 50% sparen auf alle Lagerfl\u00e4chen! Nutze unsere exklusive Black Friday-Aktion und gewinne mehr Raum f\u00fcr die Dinge, die dir wirklich wichtig sind. Unsere modernen Selfstorage-L\u00f6sungen bieten dir maximale Flexibilit\u00e4t, Sicherheit und rund um die Uhr Zugang \u2013 genau so, wie du es [&hellip;]","og_url":"https:\/\/www.mybox.eu\/en\/black-friday-sale\/","og_site_name":"MyBox","article_modified_time":"2024-11-28T15:37:48+00:00","twitter_card":"summary_large_image","schema":{"@context":"https:\/\/schema.org","@graph":[{"@type":"WebPage","@id":"https:\/\/www.mybox.eu\/black-friday-sale\/","url":"https:\/\/www.mybox.eu\/black-friday-sale\/","name":"Black Friday Sale &#187; MyBox","isPartOf":{"@id":"https:\/\/www.mybox.eu\/#website"},"datePublished":"2024-11-27T12:48:03+00:00","dateModified":"2024-11-28T15:37:48+00:00","breadcrumb":{"@id":"https:\/\/www.mybox.eu\/black-friday-sale\/#breadcrumb"},"inLanguage":"en-US","potentialAction":[{"@type":"ReadAction","target":["https:\/\/www.mybox.eu\/black-friday-sale\/"]}]},{"@type":"BreadcrumbList","@id":"https:\/\/www.mybox.eu\/black-friday-sale\/#breadcrumb","itemListElement":[{"@type":"ListItem","position":1,"name":"MyBox Selfstorage","item":"https:\/\/www.mybox.eu\/"},{"@type":"ListItem","position":2,"name":"Black Friday Sale"}]},{"@type":"WebSite","@id":"https:\/\/www.mybox.eu\/#website","url":"https:\/\/www.mybox.eu\/","name":"MyBox Self-Storage","description":"Self-storage","publisher":{"@id":"https:\/\/www.mybox.eu\/#organization"},"potentialAction":[{"@type":"SearchAction","target":{"@type":"EntryPoint","urlTemplate":"https:\/\/www.mybox.eu\/?s={search_term_string}"},"query-input":{"@type":"PropertyValueSpecification","valueRequired":true,"valueName":"search_term_string"}}],"inLanguage":"en-US"},{"@type":"Organization","@id":"https:\/\/www.mybox.eu\/#organization","name":"MyBox Self-Storage","url":"https:\/\/www.mybox.eu\/","logo":{"@type":"ImageObject","inLanguage":"en-US","@id":"https:\/\/www.mybox.eu\/#\/schema\/logo\/image\/","url":"https:\/\/www.mybox.eu\/wp-content\/uploads\/mybox-grau.png","contentUrl":"https:\/\/www.mybox.eu\/wp-content\/uploads\/mybox-grau.png","width":1456,"height":424,"caption":"MyBox Selfstorage"},"image":{"@id":"https:\/\/www.mybox.eu\/#\/schema\/logo\/image\/"},"sameAs":["https:\/\/www.instagram.com\/mybox.eu\/"]}]}},"_links":{"self":[{"href":"https:\/\/www.mybox.eu\/en\/wp-json\/wp\/v2\/pages\/9274","targetHints":{"allow":["GET"]}}],"collection":[{"href":"https:\/\/www.mybox.eu\/en\/wp-json\/wp\/v2\/pages"}],"about":[{"href":"https:\/\/www.mybox.eu\/en\/wp-json\/wp\/v2\/types\/page"}],"author":[{"embeddable":true,"href":"https:\/\/www.mybox.eu\/en\/wp-json\/wp\/v2\/users\/1"}],"replies":[{"embeddable":true,"href":"https:\/\/www.mybox.eu\/en\/wp-json\/wp\/v2\/comments?post=9274"}],"version-history":[{"count":52,"href":"https:\/\/www.mybox.eu\/en\/wp-json\/wp\/v2\/pages\/9274\/revisions"}],"predecessor-version":[{"id":9381,"href":"https:\/\/www.mybox.eu\/en\/wp-json\/wp\/v2\/pages\/9274\/revisions\/9381"}],"wp:attachment":[{"href":"https:\/\/www.mybox.eu\/en\/wp-json\/wp\/v2\/media?parent=9274"}],"curies":[{"name":"wp","href":"https:\/\/api.w.org\/{rel}","templated":true}]}}